{"id":191,"date":"2019-10-03T16:41:25","date_gmt":"2019-10-03T14:41:25","guid":{"rendered":"http:\/\/pyrenees-ariege-saverdun-gite-labourdette.fr\/?page_id=191"},"modified":"2025-01-03T15:32:48","modified_gmt":"2025-01-03T14:32:48","slug":"le-gite-letage","status":"publish","type":"page","link":"https:\/\/pyrenees-ariege-saverdun-gite-labourdette.fr\/index.php\/le-gite-letage\/","title":{"rendered":"\u00c9tage du g\u00eete"},"content":{"rendered":"\n<p class=\"has-text-align-center has-text-color\" style=\"color:#44546a\">Trois chambres doubles, sa chambre d\u00e9di\u00e9e aux enfants avec 4 lits simples, et sa chambre d\u00e9di\u00e9e et personnalis\u00e9e pour vos adolescents avec ses 2 lits doubles. Celles-ci sont accompagn\u00e9es de 2 salles de bains dont une avec baignoire. La maison dispose \u00e9galement d\u2019une buanderie, \u00e9quip\u00e9e d&rsquo;une machine \u00e0 laver, d&rsquo;un s\u00e8che linge, et d&rsquo;une table \u00e0 repasser.<\/p>\n\n\n\n<p class=\"has-text-align-center has-text-color\" style=\"color:#44546a\"> Notre Biblioth\u00e8que avec des livres autant pour les enfants que pour les adultes.\u00a0Vous pourrez \u00e9galement y trouver des jeux de soci\u00e9t\u00e9 pour vous divertir en famille ou entre amis. <\/p>\n\n\n\n<p class=\"has-text-align-center has-text-color\" style=\"color:#44546a\"><\/p>\n\n\n\n<figure class=\"wp-block-gallery columns-2 is-cropped wp-block-gallery-1 is-layout-flex wp-block-gallery-is-layout-flex\"><ul class=\"blocks-gallery-grid\"><li class=\"blocks-gallery-item\"><figure><img loading=\"lazy\" decoding=\"async\" width=\"1024\" height=\"479\" src=\"https:\/\/pyrenees-ariege-saverdun-gite-labourdette.fr\/wp-content\/uploads\/2019\/10\/70088036_100306941369946_6871230431241437184_o-1024x479.jpg\" alt=\"\" data-id=\"101\" data-link=\"https:\/\/pyrenees-ariege-saverdun-gite-labourdette.fr\/index.php\/le-gite\/70088036_100306941369946_6871230431241437184_o\/\" class=\"wp-image-101\" srcset=\"https:\/\/pyrenees-ariege-saverdun-gite-labourdette.fr\/wp-content\/uploads\/2019\/10\/70088036_100306941369946_6871230431241437184_o-1024x479.jpg 1024w, https:\/\/pyrenees-ariege-saverdun-gite-labourdette.fr\/wp-content\/uploads\/2019\/10\/70088036_100306941369946_6871230431241437184_o-300x140.jpg 300w, https:\/\/pyrenees-ariege-saverdun-gite-labourdette.fr\/wp-content\/uploads\/2019\/10\/70088036_100306941369946_6871230431241437184_o-768x360.jpg 768w, https:\/\/pyrenees-ariege-saverdun-gite-labourdette.fr\/wp-content\/uploads\/2019\/10\/70088036_100306941369946_6871230431241437184_o.jpg 1726w\" sizes=\"auto, (max-width: 1024px) 100vw, 1024px\" \/><figcaption class=\"blocks-gallery-item__caption\"> <\/figcaption><\/figure><\/li><li class=\"blocks-gallery-item\"><figure><img loading=\"lazy\" decoding=\"async\" width=\"1024\" height=\"683\" src=\"https:\/\/pyrenees-ariege-saverdun-gite-labourdette.fr\/wp-content\/uploads\/2019\/10\/70460193_100307021369938_7358646925131776000_o-1-1024x683.jpg\" alt=\"\" data-id=\"192\" data-link=\"https:\/\/pyrenees-ariege-saverdun-gite-labourdette.fr\/index.php\/le-gite-letage\/70460193_100307021369938_7358646925131776000_o-1\/\" class=\"wp-image-192\" srcset=\"https:\/\/pyrenees-ariege-saverdun-gite-labourdette.fr\/wp-content\/uploads\/2019\/10\/70460193_100307021369938_7358646925131776000_o-1-1024x683.jpg 1024w, https:\/\/pyrenees-ariege-saverdun-gite-labourdette.fr\/wp-content\/uploads\/2019\/10\/70460193_100307021369938_7358646925131776000_o-1-300x200.jpg 300w, https:\/\/pyrenees-ariege-saverdun-gite-labourdette.fr\/wp-content\/uploads\/2019\/10\/70460193_100307021369938_7358646925131776000_o-1-768x512.jpg 768w, https:\/\/pyrenees-ariege-saverdun-gite-labourdette.fr\/wp-content\/uploads\/2019\/10\/70460193_100307021369938_7358646925131776000_o-1.jpg 1296w\" sizes=\"auto, (max-width: 1024px) 100vw, 1024px\" \/><figcaption class=\"blocks-gallery-item__caption\">  <\/figcaption><\/figure><\/li><li class=\"blocks-gallery-item\"><figure><img loading=\"lazy\" decoding=\"async\" width=\"1024\" height=\"496\" src=\"https:\/\/pyrenees-ariege-saverdun-gite-labourdette.fr\/wp-content\/uploads\/2019\/10\/70160070_100306824703291_6575091637318320128_o-1-1024x496.jpg\" alt=\"\" data-id=\"193\" data-link=\"https:\/\/pyrenees-ariege-saverdun-gite-labourdette.fr\/index.php\/le-gite-letage\/70160070_100306824703291_6575091637318320128_o-1\/\" class=\"wp-image-193\" srcset=\"https:\/\/pyrenees-ariege-saverdun-gite-labourdette.fr\/wp-content\/uploads\/2019\/10\/70160070_100306824703291_6575091637318320128_o-1-1024x496.jpg 1024w, https:\/\/pyrenees-ariege-saverdun-gite-labourdette.fr\/wp-content\/uploads\/2019\/10\/70160070_100306824703291_6575091637318320128_o-1-300x145.jpg 300w, https:\/\/pyrenees-ariege-saverdun-gite-labourdette.fr\/wp-content\/uploads\/2019\/10\/70160070_100306824703291_6575091637318320128_o-1-768x372.jpg 768w, https:\/\/pyrenees-ariege-saverdun-gite-labourdette.fr\/wp-content\/uploads\/2019\/10\/70160070_100306824703291_6575091637318320128_o-1.jpg 1717w\" sizes=\"auto, (max-width: 1024px) 100vw, 1024px\" \/><figcaption class=\"blocks-gallery-item__caption\"> <\/figcaption><\/figure><\/li><li class=\"blocks-gallery-item\"><figure><img loading=\"lazy\" decoding=\"async\" width=\"1024\" height=\"683\" src=\"https:\/\/pyrenees-ariege-saverdun-gite-labourdette.fr\/wp-content\/uploads\/2019\/10\/71391367_100306831369957_5821759553330479104_o-1-1024x683.jpg\" alt=\"\" data-id=\"194\" data-link=\"https:\/\/pyrenees-ariege-saverdun-gite-labourdette.fr\/index.php\/le-gite-letage\/71391367_100306831369957_5821759553330479104_o-1\/\" class=\"wp-image-194\" srcset=\"https:\/\/pyrenees-ariege-saverdun-gite-labourdette.fr\/wp-content\/uploads\/2019\/10\/71391367_100306831369957_5821759553330479104_o-1-1024x683.jpg 1024w, https:\/\/pyrenees-ariege-saverdun-gite-labourdette.fr\/wp-content\/uploads\/2019\/10\/71391367_100306831369957_5821759553330479104_o-1-300x200.jpg 300w, https:\/\/pyrenees-ariege-saverdun-gite-labourdette.fr\/wp-content\/uploads\/2019\/10\/71391367_100306831369957_5821759553330479104_o-1-768x512.jpg 768w, https:\/\/pyrenees-ariege-saverdun-gite-labourdette.fr\/wp-content\/uploads\/2019\/10\/71391367_100306831369957_5821759553330479104_o-1.jpg 1296w\" sizes=\"auto, (max-width: 1024px) 100vw, 1024px\" \/><\/figure><\/li><li class=\"blocks-gallery-item\"><figure><img loading=\"lazy\" decoding=\"async\" width=\"1024\" height=\"555\" src=\"https:\/\/pyrenees-ariege-saverdun-gite-labourdette.fr\/wp-content\/uploads\/2019\/10\/70283330_100307048036602_5654012742227460096_o-1-1024x555.jpg\" alt=\"\" data-id=\"195\" data-link=\"https:\/\/pyrenees-ariege-saverdun-gite-labourdette.fr\/index.php\/le-gite-letage\/70283330_100307048036602_5654012742227460096_o-1\/\" class=\"wp-image-195\" srcset=\"https:\/\/pyrenees-ariege-saverdun-gite-labourdette.fr\/wp-content\/uploads\/2019\/10\/70283330_100307048036602_5654012742227460096_o-1-1024x555.jpg 1024w, https:\/\/pyrenees-ariege-saverdun-gite-labourdette.fr\/wp-content\/uploads\/2019\/10\/70283330_100307048036602_5654012742227460096_o-1-300x163.jpg 300w, https:\/\/pyrenees-ariege-saverdun-gite-labourdette.fr\/wp-content\/uploads\/2019\/10\/70283330_100307048036602_5654012742227460096_o-1-768x416.jpg 768w, https:\/\/pyrenees-ariege-saverdun-gite-labourdette.fr\/wp-content\/uploads\/2019\/10\/70283330_100307048036602_5654012742227460096_o-1.jpg 1692w\" sizes=\"auto, (max-width: 1024px) 100vw, 1024px\" \/><\/figure><\/li><li class=\"blocks-gallery-item\"><figure><img loading=\"lazy\" decoding=\"async\" width=\"640\" height=\"960\" src=\"https:\/\/pyrenees-ariege-saverdun-gite-labourdette.fr\/wp-content\/uploads\/2019\/10\/70536264_100307134703260_1673369642782949376_n-1.jpg\" alt=\"\" data-id=\"196\" data-link=\"https:\/\/pyrenees-ariege-saverdun-gite-labourdette.fr\/index.php\/le-gite-letage\/70536264_100307134703260_1673369642782949376_n-1\/\" class=\"wp-image-196\" srcset=\"https:\/\/pyrenees-ariege-saverdun-gite-labourdette.fr\/wp-content\/uploads\/2019\/10\/70536264_100307134703260_1673369642782949376_n-1.jpg 640w, https:\/\/pyrenees-ariege-saverdun-gite-labourdette.fr\/wp-content\/uploads\/2019\/10\/70536264_100307134703260_1673369642782949376_n-1-200x300.jpg 200w\" sizes=\"auto, (max-width: 640px) 100vw, 640px\" \/><\/figure><\/li><li class=\"blocks-gallery-item\"><figure><img loading=\"lazy\" decoding=\"async\" width=\"1024\" height=\"315\" src=\"https:\/\/pyrenees-ariege-saverdun-gite-labourdette.fr\/wp-content\/uploads\/2019\/10\/70592242_100307628036544_8144669289404694528_o-1-1024x315.jpg\" alt=\"\" data-id=\"197\" data-link=\"https:\/\/pyrenees-ariege-saverdun-gite-labourdette.fr\/index.php\/le-gite-letage\/70592242_100307628036544_8144669289404694528_o-1\/\" class=\"wp-image-197\" srcset=\"https:\/\/pyrenees-ariege-saverdun-gite-labourdette.fr\/wp-content\/uploads\/2019\/10\/70592242_100307628036544_8144669289404694528_o-1-1024x315.jpg 1024w, https:\/\/pyrenees-ariege-saverdun-gite-labourdette.fr\/wp-content\/uploads\/2019\/10\/70592242_100307628036544_8144669289404694528_o-1-300x92.jpg 300w, https:\/\/pyrenees-ariege-saverdun-gite-labourdette.fr\/wp-content\/uploads\/2019\/10\/70592242_100307628036544_8144669289404694528_o-1-768x236.jpg 768w, https:\/\/pyrenees-ariege-saverdun-gite-labourdette.fr\/wp-content\/uploads\/2019\/10\/70592242_100307628036544_8144669289404694528_o-1.jpg 1720w\" sizes=\"auto, (max-width: 1024px) 100vw, 1024px\" \/><\/figure><\/li><li class=\"blocks-gallery-item\"><figure><img loading=\"lazy\" decoding=\"async\" width=\"1024\" height=\"683\" src=\"https:\/\/pyrenees-ariege-saverdun-gite-labourdette.fr\/wp-content\/uploads\/2019\/10\/70501969_100307181369922_6797871964623994880_o-1-1024x683.jpg\" alt=\"\" data-id=\"198\" data-link=\"https:\/\/pyrenees-ariege-saverdun-gite-labourdette.fr\/index.php\/le-gite-letage\/70501969_100307181369922_6797871964623994880_o-1\/\" class=\"wp-image-198\" srcset=\"https:\/\/pyrenees-ariege-saverdun-gite-labourdette.fr\/wp-content\/uploads\/2019\/10\/70501969_100307181369922_6797871964623994880_o-1-1024x683.jpg 1024w, https:\/\/pyrenees-ariege-saverdun-gite-labourdette.fr\/wp-content\/uploads\/2019\/10\/70501969_100307181369922_6797871964623994880_o-1-300x200.jpg 300w, https:\/\/pyrenees-ariege-saverdun-gite-labourdette.fr\/wp-content\/uploads\/2019\/10\/70501969_100307181369922_6797871964623994880_o-1-768x512.jpg 768w, https:\/\/pyrenees-ariege-saverdun-gite-labourdette.fr\/wp-content\/uploads\/2019\/10\/70501969_100307181369922_6797871964623994880_o-1.jpg 1296w\" sizes=\"auto, (max-width: 1024px) 100vw, 1024px\" \/><\/figure><\/li><li class=\"blocks-gallery-item\"><figure><img loading=\"lazy\" decoding=\"async\" width=\"1024\" height=\"537\" src=\"https:\/\/pyrenees-ariege-saverdun-gite-labourdette.fr\/wp-content\/uploads\/2019\/10\/71168807_100307288036578_6205971174258638848_o-1-1024x537.jpg\" alt=\"\" data-id=\"199\" data-link=\"https:\/\/pyrenees-ariege-saverdun-gite-labourdette.fr\/index.php\/le-gite-letage\/71168807_100307288036578_6205971174258638848_o-1\/\" class=\"wp-image-199\" srcset=\"https:\/\/pyrenees-ariege-saverdun-gite-labourdette.fr\/wp-content\/uploads\/2019\/10\/71168807_100307288036578_6205971174258638848_o-1-1024x537.jpg 1024w, https:\/\/pyrenees-ariege-saverdun-gite-labourdette.fr\/wp-content\/uploads\/2019\/10\/71168807_100307288036578_6205971174258638848_o-1-300x157.jpg 300w, https:\/\/pyrenees-ariege-saverdun-gite-labourdette.fr\/wp-content\/uploads\/2019\/10\/71168807_100307288036578_6205971174258638848_o-1-768x402.jpg 768w, https:\/\/pyrenees-ariege-saverdun-gite-labourdette.fr\/wp-content\/uploads\/2019\/10\/71168807_100307288036578_6205971174258638848_o-1.jpg 1664w\" sizes=\"auto, (max-width: 1024px) 100vw, 1024px\" \/><\/figure><\/li><li class=\"blocks-gallery-item\"><figure><img loading=\"lazy\" decoding=\"async\" width=\"1024\" height=\"683\" src=\"https:\/\/pyrenees-ariege-saverdun-gite-labourdette.fr\/wp-content\/uploads\/2019\/10\/70593233_100307308036576_5220771660138807296_o-1-1024x683.jpg\" alt=\"\" data-id=\"200\" data-link=\"https:\/\/pyrenees-ariege-saverdun-gite-labourdette.fr\/index.php\/le-gite-letage\/70593233_100307308036576_5220771660138807296_o-1\/\" class=\"wp-image-200\" srcset=\"https:\/\/pyrenees-ariege-saverdun-gite-labourdette.fr\/wp-content\/uploads\/2019\/10\/70593233_100307308036576_5220771660138807296_o-1-1024x683.jpg 1024w, https:\/\/pyrenees-ariege-saverdun-gite-labourdette.fr\/wp-content\/uploads\/2019\/10\/70593233_100307308036576_5220771660138807296_o-1-300x200.jpg 300w, https:\/\/pyrenees-ariege-saverdun-gite-labourdette.fr\/wp-content\/uploads\/2019\/10\/70593233_100307308036576_5220771660138807296_o-1-768x512.jpg 768w, https:\/\/pyrenees-ariege-saverdun-gite-labourdette.fr\/wp-content\/uploads\/2019\/10\/70593233_100307308036576_5220771660138807296_o-1.jpg 1296w\" sizes=\"auto, (max-width: 1024px) 100vw, 1024px\" \/><\/figure><\/li><li class=\"blocks-gallery-item\"><figure><img loading=\"lazy\" decoding=\"async\" width=\"1024\" height=\"683\" src=\"https:\/\/pyrenees-ariege-saverdun-gite-labourdette.fr\/wp-content\/uploads\/2019\/10\/70720934_100307351369905_8274515642640498688_o-1-1024x683.jpg\" alt=\"\" data-id=\"201\" data-link=\"https:\/\/pyrenees-ariege-saverdun-gite-labourdette.fr\/index.php\/le-gite-letage\/70720934_100307351369905_8274515642640498688_o-1\/\" class=\"wp-image-201\" srcset=\"https:\/\/pyrenees-ariege-saverdun-gite-labourdette.fr\/wp-content\/uploads\/2019\/10\/70720934_100307351369905_8274515642640498688_o-1-1024x683.jpg 1024w, https:\/\/pyrenees-ariege-saverdun-gite-labourdette.fr\/wp-content\/uploads\/2019\/10\/70720934_100307351369905_8274515642640498688_o-1-300x200.jpg 300w, https:\/\/pyrenees-ariege-saverdun-gite-labourdette.fr\/wp-content\/uploads\/2019\/10\/70720934_100307351369905_8274515642640498688_o-1-768x512.jpg 768w, https:\/\/pyrenees-ariege-saverdun-gite-labourdette.fr\/wp-content\/uploads\/2019\/10\/70720934_100307351369905_8274515642640498688_o-1.jpg 1296w\" sizes=\"auto, (max-width: 1024px) 100vw, 1024px\" \/><\/figure><\/li><li class=\"blocks-gallery-item\"><figure><img loading=\"lazy\" decoding=\"async\" width=\"1024\" height=\"683\" src=\"https:\/\/pyrenees-ariege-saverdun-gite-labourdette.fr\/wp-content\/uploads\/2019\/10\/70220560_100307381369902_6973340246456926208_o-1-1024x683.jpg\" alt=\"\" data-id=\"202\" data-link=\"https:\/\/pyrenees-ariege-saverdun-gite-labourdette.fr\/index.php\/le-gite-letage\/70220560_100307381369902_6973340246456926208_o-1\/\" class=\"wp-image-202\" srcset=\"https:\/\/pyrenees-ariege-saverdun-gite-labourdette.fr\/wp-content\/uploads\/2019\/10\/70220560_100307381369902_6973340246456926208_o-1-1024x683.jpg 1024w, https:\/\/pyrenees-ariege-saverdun-gite-labourdette.fr\/wp-content\/uploads\/2019\/10\/70220560_100307381369902_6973340246456926208_o-1-300x200.jpg 300w, https:\/\/pyrenees-ariege-saverdun-gite-labourdette.fr\/wp-content\/uploads\/2019\/10\/70220560_100307381369902_6973340246456926208_o-1-768x512.jpg 768w, https:\/\/pyrenees-ariege-saverdun-gite-labourdette.fr\/wp-content\/uploads\/2019\/10\/70220560_100307381369902_6973340246456926208_o-1.jpg 1296w\" sizes=\"auto, (max-width: 1024px) 100vw, 1024px\" \/><\/figure><\/li><\/ul><\/figure>\n\n\n\n<figure class=\"wp-block-gallery columns-2 is-cropped wp-block-gallery-2 is-layout-flex wp-block-gallery-is-layout-flex\"><ul class=\"blocks-gallery-grid\"><li class=\"blocks-gallery-item\"><figure><img loading=\"lazy\" decoding=\"async\" width=\"1024\" height=\"683\" src=\"https:\/\/pyrenees-ariege-saverdun-gite-labourdette.fr\/wp-content\/uploads\/2019\/10\/71497551_100307501369890_9154529539370516480_o-1024x683.jpg\" alt=\"\" data-id=\"134\" class=\"wp-image-134\" srcset=\"https:\/\/pyrenees-ariege-saverdun-gite-labourdette.fr\/wp-content\/uploads\/2019\/10\/71497551_100307501369890_9154529539370516480_o-1024x683.jpg 1024w, https:\/\/pyrenees-ariege-saverdun-gite-labourdette.fr\/wp-content\/uploads\/2019\/10\/71497551_100307501369890_9154529539370516480_o-300x200.jpg 300w, https:\/\/pyrenees-ariege-saverdun-gite-labourdette.fr\/wp-content\/uploads\/2019\/10\/71497551_100307501369890_9154529539370516480_o-768x512.jpg 768w, https:\/\/pyrenees-ariege-saverdun-gite-labourdette.fr\/wp-content\/uploads\/2019\/10\/71497551_100307501369890_9154529539370516480_o.jpg 1296w\" sizes=\"auto, (max-width: 1024px) 100vw, 1024px\" \/><\/figure><\/li><li class=\"blocks-gallery-item\"><figure><img loading=\"lazy\" decoding=\"async\" width=\"1024\" height=\"683\" src=\"https:\/\/pyrenees-ariege-saverdun-gite-labourdette.fr\/wp-content\/uploads\/2019\/10\/70382626_100307531369887_7878577051597275136_o-1-1024x683.jpg\" alt=\"\" data-id=\"424\" data-link=\"https:\/\/pyrenees-ariege-saverdun-gite-labourdette.fr\/index.php\/le-gite-letage\/70382626_100307531369887_7878577051597275136_o-1\/\" class=\"wp-image-424\" srcset=\"https:\/\/pyrenees-ariege-saverdun-gite-labourdette.fr\/wp-content\/uploads\/2019\/10\/70382626_100307531369887_7878577051597275136_o-1-1024x683.jpg 1024w, https:\/\/pyrenees-ariege-saverdun-gite-labourdette.fr\/wp-content\/uploads\/2019\/10\/70382626_100307531369887_7878577051597275136_o-1-300x200.jpg 300w, https:\/\/pyrenees-ariege-saverdun-gite-labourdette.fr\/wp-content\/uploads\/2019\/10\/70382626_100307531369887_7878577051597275136_o-1-768x512.jpg 768w, https:\/\/pyrenees-ariege-saverdun-gite-labourdette.fr\/wp-content\/uploads\/2019\/10\/70382626_100307531369887_7878577051597275136_o-1.jpg 1296w\" sizes=\"auto, (max-width: 1024px) 100vw, 1024px\" \/><\/figure><\/li><li class=\"blocks-gallery-item\"><figure><img loading=\"lazy\" decoding=\"async\" width=\"1024\" height=\"503\" src=\"https:\/\/pyrenees-ariege-saverdun-gite-labourdette.fr\/wp-content\/uploads\/2019\/10\/70493518_100307444703229_648781683671171072_o-1-1024x503.jpg\" alt=\"\" data-id=\"425\" data-link=\"https:\/\/pyrenees-ariege-saverdun-gite-labourdette.fr\/index.php\/le-gite-letage\/70493518_100307444703229_648781683671171072_o-1\/\" class=\"wp-image-425\" srcset=\"https:\/\/pyrenees-ariege-saverdun-gite-labourdette.fr\/wp-content\/uploads\/2019\/10\/70493518_100307444703229_648781683671171072_o-1-1024x503.jpg 1024w, https:\/\/pyrenees-ariege-saverdun-gite-labourdette.fr\/wp-content\/uploads\/2019\/10\/70493518_100307444703229_648781683671171072_o-1-300x147.jpg 300w, https:\/\/pyrenees-ariege-saverdun-gite-labourdette.fr\/wp-content\/uploads\/2019\/10\/70493518_100307444703229_648781683671171072_o-1-768x377.jpg 768w, https:\/\/pyrenees-ariege-saverdun-gite-labourdette.fr\/wp-content\/uploads\/2019\/10\/70493518_100307444703229_648781683671171072_o-1.jpg 1469w\" sizes=\"auto, (max-width: 1024px) 100vw, 1024px\" \/><\/figure><\/li><li class=\"blocks-gallery-item\"><figure><img loading=\"lazy\" decoding=\"async\" width=\"640\" height=\"960\" src=\"https:\/\/pyrenees-ariege-saverdun-gite-labourdette.fr\/wp-content\/uploads\/2019\/10\/70091044_100307474703226_5734875616222642176_n-1.jpg\" alt=\"\" data-id=\"426\" data-link=\"https:\/\/pyrenees-ariege-saverdun-gite-labourdette.fr\/index.php\/le-gite-letage\/70091044_100307474703226_5734875616222642176_n-1\/\" class=\"wp-image-426\" srcset=\"https:\/\/pyrenees-ariege-saverdun-gite-labourdette.fr\/wp-content\/uploads\/2019\/10\/70091044_100307474703226_5734875616222642176_n-1.jpg 640w, https:\/\/pyrenees-ariege-saverdun-gite-labourdette.fr\/wp-content\/uploads\/2019\/10\/70091044_100307474703226_5734875616222642176_n-1-200x300.jpg 200w\" sizes=\"auto, (max-width: 640px) 100vw, 640px\" \/><figcaption class=\"blocks-gallery-item__caption\"> <\/figcaption><\/figure><\/li><\/ul><\/figure>\n\n\n\n<figure class=\"wp-block-gallery columns-1 is-cropped wp-block-gallery-3 is-layout-flex wp-block-gallery-is-layout-flex\"><ul class=\"blocks-gallery-grid\"><li class=\"blocks-gallery-item\"><figure><img loading=\"lazy\" decoding=\"async\" width=\"1024\" height=\"683\" src=\"https:\/\/pyrenees-ariege-saverdun-gite-labourdette.fr\/wp-content\/uploads\/2019\/10\/70544852_100306944703279_845334556960620544_o-1-1024x683.jpg\" alt=\"\" data-id=\"428\" class=\"wp-image-428\" srcset=\"https:\/\/pyrenees-ariege-saverdun-gite-labourdette.fr\/wp-content\/uploads\/2019\/10\/70544852_100306944703279_845334556960620544_o-1-1024x683.jpg 1024w, https:\/\/pyrenees-ariege-saverdun-gite-labourdette.fr\/wp-content\/uploads\/2019\/10\/70544852_100306944703279_845334556960620544_o-1-300x200.jpg 300w, https:\/\/pyrenees-ariege-saverdun-gite-labourdette.fr\/wp-content\/uploads\/2019\/10\/70544852_100306944703279_845334556960620544_o-1-768x512.jpg 768w, https:\/\/pyrenees-ariege-saverdun-gite-labourdette.fr\/wp-content\/uploads\/2019\/10\/70544852_100306944703279_845334556960620544_o-1.jpg 1296w\" sizes=\"auto, (max-width: 1024px) 100vw, 1024px\" \/><\/figure><\/li><\/ul><\/figure>\n","protected":false},"excerpt":{"rendered":"<p>Id\u00e9ale et con\u00e7ue pour y accueillir un grand nombre de personnes, gr\u00e2ce \u00e0 quatre chambres doubles, dont trois \u00e0 l&rsquo;\u00e9tage, sa chambre d\u00e9di\u00e9e aux enfants avec 4 lits simples, et sa chambre d\u00e9di\u00e9e et personnalis\u00e9e pour vos adolescents avec ses 2 lits doubles. Celles-ci sont accompagn\u00e9es de 3 salles de bains, dont deux \u00e0 l&rsquo;\u00e9tage, et une avec baignoire. La maison dispose \u00e9galement d\u2019une buanderie, \u00e9quip\u00e9e d&rsquo;une machine \u00e0 laver, d&rsquo;un s\u00e8che linge, et d&rsquo;une table \u00e0 repasser. Notre Biblioth\u00e8que poss\u00e8de un large choix de livres, autant pour les enfants que pour les adultes. Vous pourrez \u00e9galement y trouver des jeux de soci\u00e9t\u00e9 pour vous divertir en famille ou entre amis.  Nous avons \u00e9galement mis \u00e0 votre disposition un ordinateur et une imprimante, pour imprimer vos r\u00e9servations si n\u00e9cessaire. Une de nos chambres, poss\u00e8de une t\u00e9l\u00e9vision, comme vous pourrez le constater sur nos photos.<\/p>\n","protected":false},"author":4,"featured_media":0,"parent":0,"menu_order":0,"comment_status":"closed","ping_status":"closed","template":"","meta":{"footnotes":""},"class_list":["post-191","page","type-page","status-publish","hentry"],"yoast_head":"<!-- This site is optimized with the Yoast SEO plugin v26.8 - https:\/\/yoast.com\/product\/yoast-seo-wordpress\/ -->\n<title>\u00c9tage du g\u00eete - GITE - BONADEI - SAVERDUN - ARIEGE<\/title>\n<meta name=\"robots\" content=\"index, follow, max-snippet:-1, max-image-preview:large, max-video-preview:-1\" \/>\n<link rel=\"canonical\" href=\"https:\/\/pyrenees-ariege-saverdun-gite-labourdette.fr\/index.php\/le-gite-letage\/\" \/>\n<meta property=\"og:locale\" content=\"fr_FR\" \/>\n<meta property=\"og:type\" content=\"article\" \/>\n<meta property=\"og:title\" content=\"\u00c9tage du g\u00eete - GITE - BONADEI - SAVERDUN - ARIEGE\" \/>\n<meta property=\"og:description\" content=\"Id\u00e9ale et con\u00e7ue pour y accueillir un grand nombre de personnes, gr\u00e2ce \u00e0 quatre chambres doubles, dont trois \u00e0 l&#039;\u00e9tage, sa chambre d\u00e9di\u00e9e aux enfants avec 4 lits simples, et sa chambre d\u00e9di\u00e9e et personnalis\u00e9e pour vos adolescents avec ses 2 lits doubles. Celles-ci sont accompagn\u00e9es de 3 salles de bains, dont deux \u00e0 l&#039;\u00e9tage, et une avec baignoire. La maison dispose \u00e9galement d\u2019une buanderie, \u00e9quip\u00e9e d&#039;une machine \u00e0 laver, d&#039;un s\u00e8che linge, et d&#039;une table \u00e0 repasser. Notre Biblioth\u00e8que poss\u00e8de un large choix de livres, autant pour les enfants que pour les adultes. Vous pourrez \u00e9galement y trouver des jeux de soci\u00e9t\u00e9 pour vous divertir en famille ou entre amis. Nous avons \u00e9galement mis \u00e0 votre disposition un ordinateur et une imprimante, pour imprimer vos r\u00e9servations si n\u00e9cessaire. Une de nos chambres, poss\u00e8de une t\u00e9l\u00e9vision, comme vous pourrez le constater sur nos photos.\" \/>\n<meta property=\"og:url\" content=\"https:\/\/pyrenees-ariege-saverdun-gite-labourdette.fr\/index.php\/le-gite-letage\/\" \/>\n<meta property=\"og:site_name\" content=\"GITE - BONADEI - SAVERDUN - ARIEGE\" \/>\n<meta property=\"article:modified_time\" content=\"2025-01-03T14:32:48+00:00\" \/>\n<meta property=\"og:image\" content=\"http:\/\/pyrenees-ariege-saverdun-gite-labourdette.fr\/wp-content\/uploads\/2019\/10\/70088036_100306941369946_6871230431241437184_o-1024x479.jpg\" \/>\n<meta name=\"twitter:card\" content=\"summary_large_image\" \/>\n<meta name=\"twitter:label1\" content=\"Dur\u00e9e de lecture estim\u00e9e\" \/>\n\t<meta name=\"twitter:data1\" content=\"4 minutes\" \/>\n<script type=\"application\/ld+json\" class=\"yoast-schema-graph\">{\"@context\":\"https:\/\/schema.org\",\"@graph\":[{\"@type\":\"WebPage\",\"@id\":\"https:\/\/pyrenees-ariege-saverdun-gite-labourdette.fr\/index.php\/le-gite-letage\/\",\"url\":\"https:\/\/pyrenees-ariege-saverdun-gite-labourdette.fr\/index.php\/le-gite-letage\/\",\"name\":\"\u00c9tage du g\u00eete - GITE - BONADEI - SAVERDUN - ARIEGE\",\"isPartOf\":{\"@id\":\"https:\/\/pyrenees-ariege-saverdun-gite-labourdette.fr\/#website\"},\"primaryImageOfPage\":{\"@id\":\"https:\/\/pyrenees-ariege-saverdun-gite-labourdette.fr\/index.php\/le-gite-letage\/#primaryimage\"},\"image\":{\"@id\":\"https:\/\/pyrenees-ariege-saverdun-gite-labourdette.fr\/index.php\/le-gite-letage\/#primaryimage\"},\"thumbnailUrl\":\"http:\/\/pyrenees-ariege-saverdun-gite-labourdette.fr\/wp-content\/uploads\/2019\/10\/70088036_100306941369946_6871230431241437184_o-1024x479.jpg\",\"datePublished\":\"2019-10-03T14:41:25+00:00\",\"dateModified\":\"2025-01-03T14:32:48+00:00\",\"breadcrumb\":{\"@id\":\"https:\/\/pyrenees-ariege-saverdun-gite-labourdette.fr\/index.php\/le-gite-letage\/#breadcrumb\"},\"inLanguage\":\"fr-FR\",\"potentialAction\":[{\"@type\":\"ReadAction\",\"target\":[\"https:\/\/pyrenees-ariege-saverdun-gite-labourdette.fr\/index.php\/le-gite-letage\/\"]}]},{\"@type\":\"ImageObject\",\"inLanguage\":\"fr-FR\",\"@id\":\"https:\/\/pyrenees-ariege-saverdun-gite-labourdette.fr\/index.php\/le-gite-letage\/#primaryimage\",\"url\":\"http:\/\/pyrenees-ariege-saverdun-gite-labourdette.fr\/wp-content\/uploads\/2019\/10\/70088036_100306941369946_6871230431241437184_o-1024x479.jpg\",\"contentUrl\":\"http:\/\/pyrenees-ariege-saverdun-gite-labourdette.fr\/wp-content\/uploads\/2019\/10\/70088036_100306941369946_6871230431241437184_o-1024x479.jpg\"},{\"@type\":\"BreadcrumbList\",\"@id\":\"https:\/\/pyrenees-ariege-saverdun-gite-labourdette.fr\/index.php\/le-gite-letage\/#breadcrumb\",\"itemListElement\":[{\"@type\":\"ListItem\",\"position\":1,\"name\":\"Accueil\",\"item\":\"https:\/\/pyrenees-ariege-saverdun-gite-labourdette.fr\/\"},{\"@type\":\"ListItem\",\"position\":2,\"name\":\"\u00c9tage du g\u00eete\"}]},{\"@type\":\"WebSite\",\"@id\":\"https:\/\/pyrenees-ariege-saverdun-gite-labourdette.fr\/#website\",\"url\":\"https:\/\/pyrenees-ariege-saverdun-gite-labourdette.fr\/\",\"name\":\"GITE - LA BOURDETTE - BONADEI - SAVERDUN - ARIEGE\",\"description\":\"GITE CHALEUREUX POUR 15 PERSONNES A SAVERDUN\",\"publisher\":{\"@id\":\"https:\/\/pyrenees-ariege-saverdun-gite-labourdette.fr\/#organization\"},\"potentialAction\":[{\"@type\":\"SearchAction\",\"target\":{\"@type\":\"EntryPoint\",\"urlTemplate\":\"https:\/\/pyrenees-ariege-saverdun-gite-labourdette.fr\/?s={search_term_string}\"},\"query-input\":{\"@type\":\"PropertyValueSpecification\",\"valueRequired\":true,\"valueName\":\"search_term_string\"}}],\"inLanguage\":\"fr-FR\"},{\"@type\":\"Organization\",\"@id\":\"https:\/\/pyrenees-ariege-saverdun-gite-labourdette.fr\/#organization\",\"name\":\"AB DEVELOPPEMENT\",\"url\":\"https:\/\/pyrenees-ariege-saverdun-gite-labourdette.fr\/\",\"logo\":{\"@type\":\"ImageObject\",\"inLanguage\":\"fr-FR\",\"@id\":\"https:\/\/pyrenees-ariege-saverdun-gite-labourdette.fr\/#\/schema\/logo\/image\/\",\"url\":\"https:\/\/pyrenees-ariege-saverdun-gite-labourdette.fr\/wp-content\/uploads\/2019\/10\/cropped-LOGO-e1570091373935-5.png\",\"contentUrl\":\"https:\/\/pyrenees-ariege-saverdun-gite-labourdette.fr\/wp-content\/uploads\/2019\/10\/cropped-LOGO-e1570091373935-5.png\",\"width\":100,\"height\":89,\"caption\":\"AB DEVELOPPEMENT\"},\"image\":{\"@id\":\"https:\/\/pyrenees-ariege-saverdun-gite-labourdette.fr\/#\/schema\/logo\/image\/\"},\"sameAs\":[\"https:\/\/www.youtube.com\/channel\/UC6BzW7WeKwgnxvTOGU3AD_A\"]}]}<\/script>\n<!-- \/ Yoast SEO plugin. -->","yoast_head_json":{"title":"\u00c9tage du g\u00eete - GITE - BONADEI - SAVERDUN - ARIEGE","robots":{"index":"index","follow":"follow","max-snippet":"max-snippet:-1","max-image-preview":"max-image-preview:large","max-video-preview":"max-video-preview:-1"},"canonical":"https:\/\/pyrenees-ariege-saverdun-gite-labourdette.fr\/index.php\/le-gite-letage\/","og_locale":"fr_FR","og_type":"article","og_title":"\u00c9tage du g\u00eete - GITE - BONADEI - SAVERDUN - ARIEGE","og_description":"Id\u00e9ale et con\u00e7ue pour y accueillir un grand nombre de personnes, gr\u00e2ce \u00e0 quatre chambres doubles, dont trois \u00e0 l'\u00e9tage, sa chambre d\u00e9di\u00e9e aux enfants avec 4 lits simples, et sa chambre d\u00e9di\u00e9e et personnalis\u00e9e pour vos adolescents avec ses 2 lits doubles. Celles-ci sont accompagn\u00e9es de 3 salles de bains, dont deux \u00e0 l'\u00e9tage, et une avec baignoire. La maison dispose \u00e9galement d\u2019une buanderie, \u00e9quip\u00e9e d'une machine \u00e0 laver, d'un s\u00e8che linge, et d'une table \u00e0 repasser. Notre Biblioth\u00e8que poss\u00e8de un large choix de livres, autant pour les enfants que pour les adultes. Vous pourrez \u00e9galement y trouver des jeux de soci\u00e9t\u00e9 pour vous divertir en famille ou entre amis. Nous avons \u00e9galement mis \u00e0 votre disposition un ordinateur et une imprimante, pour imprimer vos r\u00e9servations si n\u00e9cessaire. Une de nos chambres, poss\u00e8de une t\u00e9l\u00e9vision, comme vous pourrez le constater sur nos photos.","og_url":"https:\/\/pyrenees-ariege-saverdun-gite-labourdette.fr\/index.php\/le-gite-letage\/","og_site_name":"GITE - BONADEI - SAVERDUN - ARIEGE","article_modified_time":"2025-01-03T14:32:48+00:00","og_image":[{"url":"http:\/\/pyrenees-ariege-saverdun-gite-labourdette.fr\/wp-content\/uploads\/2019\/10\/70088036_100306941369946_6871230431241437184_o-1024x479.jpg","type":"","width":"","height":""}],"twitter_card":"summary_large_image","twitter_misc":{"Dur\u00e9e de lecture estim\u00e9e":"4 minutes"},"schema":{"@context":"https:\/\/schema.org","@graph":[{"@type":"WebPage","@id":"https:\/\/pyrenees-ariege-saverdun-gite-labourdette.fr\/index.php\/le-gite-letage\/","url":"https:\/\/pyrenees-ariege-saverdun-gite-labourdette.fr\/index.php\/le-gite-letage\/","name":"\u00c9tage du g\u00eete - GITE - BONADEI - SAVERDUN - ARIEGE","isPartOf":{"@id":"https:\/\/pyrenees-ariege-saverdun-gite-labourdette.fr\/#website"},"primaryImageOfPage":{"@id":"https:\/\/pyrenees-ariege-saverdun-gite-labourdette.fr\/index.php\/le-gite-letage\/#primaryimage"},"image":{"@id":"https:\/\/pyrenees-ariege-saverdun-gite-labourdette.fr\/index.php\/le-gite-letage\/#primaryimage"},"thumbnailUrl":"http:\/\/pyrenees-ariege-saverdun-gite-labourdette.fr\/wp-content\/uploads\/2019\/10\/70088036_100306941369946_6871230431241437184_o-1024x479.jpg","datePublished":"2019-10-03T14:41:25+00:00","dateModified":"2025-01-03T14:32:48+00:00","breadcrumb":{"@id":"https:\/\/pyrenees-ariege-saverdun-gite-labourdette.fr\/index.php\/le-gite-letage\/#breadcrumb"},"inLanguage":"fr-FR","potentialAction":[{"@type":"ReadAction","target":["https:\/\/pyrenees-ariege-saverdun-gite-labourdette.fr\/index.php\/le-gite-letage\/"]}]},{"@type":"ImageObject","inLanguage":"fr-FR","@id":"https:\/\/pyrenees-ariege-saverdun-gite-labourdette.fr\/index.php\/le-gite-letage\/#primaryimage","url":"http:\/\/pyrenees-ariege-saverdun-gite-labourdette.fr\/wp-content\/uploads\/2019\/10\/70088036_100306941369946_6871230431241437184_o-1024x479.jpg","contentUrl":"http:\/\/pyrenees-ariege-saverdun-gite-labourdette.fr\/wp-content\/uploads\/2019\/10\/70088036_100306941369946_6871230431241437184_o-1024x479.jpg"},{"@type":"BreadcrumbList","@id":"https:\/\/pyrenees-ariege-saverdun-gite-labourdette.fr\/index.php\/le-gite-letage\/#breadcrumb","itemListElement":[{"@type":"ListItem","position":1,"name":"Accueil","item":"https:\/\/pyrenees-ariege-saverdun-gite-labourdette.fr\/"},{"@type":"ListItem","position":2,"name":"\u00c9tage du g\u00eete"}]},{"@type":"WebSite","@id":"https:\/\/pyrenees-ariege-saverdun-gite-labourdette.fr\/#website","url":"https:\/\/pyrenees-ariege-saverdun-gite-labourdette.fr\/","name":"GITE - LA BOURDETTE - BONADEI - SAVERDUN - ARIEGE","description":"GITE CHALEUREUX POUR 15 PERSONNES A SAVERDUN","publisher":{"@id":"https:\/\/pyrenees-ariege-saverdun-gite-labourdette.fr\/#organization"},"potentialAction":[{"@type":"SearchAction","target":{"@type":"EntryPoint","urlTemplate":"https:\/\/pyrenees-ariege-saverdun-gite-labourdette.fr\/?s={search_term_string}"},"query-input":{"@type":"PropertyValueSpecification","valueRequired":true,"valueName":"search_term_string"}}],"inLanguage":"fr-FR"},{"@type":"Organization","@id":"https:\/\/pyrenees-ariege-saverdun-gite-labourdette.fr\/#organization","name":"AB DEVELOPPEMENT","url":"https:\/\/pyrenees-ariege-saverdun-gite-labourdette.fr\/","logo":{"@type":"ImageObject","inLanguage":"fr-FR","@id":"https:\/\/pyrenees-ariege-saverdun-gite-labourdette.fr\/#\/schema\/logo\/image\/","url":"https:\/\/pyrenees-ariege-saverdun-gite-labourdette.fr\/wp-content\/uploads\/2019\/10\/cropped-LOGO-e1570091373935-5.png","contentUrl":"https:\/\/pyrenees-ariege-saverdun-gite-labourdette.fr\/wp-content\/uploads\/2019\/10\/cropped-LOGO-e1570091373935-5.png","width":100,"height":89,"caption":"AB DEVELOPPEMENT"},"image":{"@id":"https:\/\/pyrenees-ariege-saverdun-gite-labourdette.fr\/#\/schema\/logo\/image\/"},"sameAs":["https:\/\/www.youtube.com\/channel\/UC6BzW7WeKwgnxvTOGU3AD_A"]}]}},"_links":{"self":[{"href":"https:\/\/pyrenees-ariege-saverdun-gite-labourdette.fr\/index.php\/wp-json\/wp\/v2\/pages\/191","targetHints":{"allow":["GET"]}}],"collection":[{"href":"https:\/\/pyrenees-ariege-saverdun-gite-labourdette.fr\/index.php\/wp-json\/wp\/v2\/pages"}],"about":[{"href":"https:\/\/pyrenees-ariege-saverdun-gite-labourdette.fr\/index.php\/wp-json\/wp\/v2\/types\/page"}],"author":[{"embeddable":true,"href":"https:\/\/pyrenees-ariege-saverdun-gite-labourdette.fr\/index.php\/wp-json\/wp\/v2\/users\/4"}],"replies":[{"embeddable":true,"href":"https:\/\/pyrenees-ariege-saverdun-gite-labourdette.fr\/index.php\/wp-json\/wp\/v2\/comments?post=191"}],"version-history":[{"count":13,"href":"https:\/\/pyrenees-ariege-saverdun-gite-labourdette.fr\/index.php\/wp-json\/wp\/v2\/pages\/191\/revisions"}],"predecessor-version":[{"id":1038,"href":"https:\/\/pyrenees-ariege-saverdun-gite-labourdette.fr\/index.php\/wp-json\/wp\/v2\/pages\/191\/revisions\/1038"}],"wp:attachment":[{"href":"https:\/\/pyrenees-ariege-saverdun-gite-labourdette.fr\/index.php\/wp-json\/wp\/v2\/media?parent=191"}],"curies":[{"name":"wp","href":"https:\/\/api.w.org\/{rel}","templated":true}]}}